{"id":4009,"date":"2017-11-17T23:04:54","date_gmt":"2017-11-17T22:04:54","guid":{"rendered":"http:\/\/www.vptzzofriesland.nl\/vptz\/?page_id=4009"},"modified":"2023-11-05T21:04:04","modified_gmt":"2023-11-05T20:04:04","slug":"thuis-2","status":"publish","type":"page","link":"https:\/\/www.vptzzofriesland.nl\/vptz\/index.php\/thuis-2\/","title":{"rendered":"Thuis"},"content":{"rendered":"<div class=\"fusion-fullwidth fullwidth-box fusion-builder-row-1 nonhundred-percent-fullwidth non-hundred-percent-height-scrolling\" style=\"--awb-border-radius-top-left:0px;--awb-border-radius-top-right:0px;--awb-border-radius-bottom-right:0px;--awb-border-radius-bottom-left:0px;--awb-flex-wrap:wrap;\" ><div class=\"fusion-builder-row fusion-row\"><div class=\"fusion-layout-column fusion_builder_column fusion-builder-column-0 fusion_builder_column_1_1 1_1 fusion-one-full fusion-column-first fusion-column-last\" style=\"--awb-bg-size:cover;--awb-margin-bottom:0px;\"><div class=\"fusion-column-wrapper fusion-flex-column-wrapper-legacy\"><div class=\"fusion-text fusion-text-1\"><p><a href=\"http:\/\/www.vptzzofriesland.nl\/vptz\/wp-content\/uploads\/2013\/03\/DSC_0549a.jpg\" rel=\"attachment wp-att-2941\"><img decoding=\"async\" class=\"size-full wp-image-2941 alignleft\" src=\"http:\/\/www.vptzzofriesland.nl\/vptz\/wp-content\/uploads\/2013\/03\/DSC_0549a.jpg\" alt=\"VPTZ Thuis\" width=\"250\" height=\"576\" srcset=\"https:\/\/www.vptzzofriesland.nl\/vptz\/wp-content\/uploads\/2013\/03\/DSC_0549a-130x300.jpg 130w, https:\/\/www.vptzzofriesland.nl\/vptz\/wp-content\/uploads\/2013\/03\/DSC_0549a.jpg 250w\" sizes=\"(max-width: 250px) 100vw, 250px\" \/><\/a>Het verzorgen van iemand in de laatste levensfase kan erg zwaar zijn. Ook al is er hulp van de thuiszorg, wijkverpleging en de huisarts. De vrijwilligers van VPTZ (Vrijwilligers Palliatieve Terminale Zorg) Zuidoost Friesland staan familie, vrienden of buren bij in de zorg.<\/p>\n<p>Wilt u meer weten of hulp aanvragen Klik<a href=\"https:\/\/www.vptzzofriesland.nl\/vptz\/index.php\/contact\/\"> hier voor de contactinformatie<\/a>. Wij komen graag met u in gesprek.<\/p>\n<h3>Praktische zorg<\/h3>\n<p>Onze vrijwilligers geven praktische zorg zoals familie, vrienden of buren die als mantelzorgers kunnen geven: helpen bij eten en drinken, de zieke verfrissen en weer \u2018lekker\u2019 in bed leggen, of bijvoorbeeld samen een wandeling maken. Daarbij is er alle ruimte voor luisteren of samen praten.<br \/>\nDe vrijwilliger kan ook een paar uur per dag de taak van de mantelzorger overnemen, zodat deze een paar uurtjes voor zichzelf heeft en op adem kan komen.<\/p>\n<h3>VPTZ vrijwilliger meerdere malen per dag<\/h3>\n<p>Soms heeft iemand in de laatste levensfase weinig mantelzorgers en wil hij\/zij toch graag thuis sterven. In zo\u2019n situatie is het ook mogelijk dat er meerdere malen per dag een VPTZ vrijwilliger komt.<\/p>\n<h3>VPTZ vrijwilliger in verzorgingstehuis of zorginstelling<\/h3>\n<p>Ook kunnen onze vrijwilligers extra aandacht en ondersteuning in de laatste levensfase bieden voor bewoners in bv verzorgingshuizen of andere zorginstellingen. Hier is wel personeel aanwezig maar die hebben soms weinig tijd om bij iemands bed te gaan zitten.<\/p>\n<h3>VPTZ vrijwilliger \u2019s nachts<\/h3>\n<p>Er kan eventueel ook incidenteel ondersteuning in de nacht worden geboden.<\/p>\n<\/div><div class=\"fusion-builder-row fusion-builder-row-inner fusion-row\"><div class=\"fusion-layout-column fusion_builder_column_inner fusion-builder-nested-column-0 fusion_builder_column_inner_1_4 1_4 fusion-one-fourth fusion-column-first\" style=\"--awb-bg-size:cover;width:25%;width:calc(25% - ( ( 4% + 4% + 4% ) * 0.25 ) );margin-right: 4%;\"><div class=\"fusion-column-wrapper fusion-flex-column-wrapper-legacy\"><div class=\"fusion-text fusion-text-2\"><h3>Financi\u00ebn<\/h3>\n<p>Voor zorg in de thuissituatie wordt er geen financi\u00eble bijdrage gevraagd. Een gift of donatie om onze activiteiten te ondersteunen wordt uiteraard zeer op prijs gesteld.<br \/>\nZie &#8220;Giften en Donaties&#8221;<\/p>\n<\/div><div class=\"fusion-clearfix\"><\/div><\/div><\/div><div class=\"fusion-layout-column fusion_builder_column_inner fusion-builder-nested-column-1 fusion_builder_column_inner_1_4 1_4 fusion-one-fourth\" style=\"--awb-bg-size:cover;width:25%;width:calc(25% - ( ( 4% + 4% + 4% ) * 0.25 ) );margin-right: 4%;\"><div class=\"fusion-column-wrapper fusion-flex-column-wrapper-legacy\"><div class=\"fusion-text fusion-text-3\"><h3>Co\u00f6rdinatie<\/h3>\n<p>De co\u00f6rdinatie van het inzetten van de vrijwilligers in de thuissituatie is in handen van onze co\u00f6rdinator. Klik<a href=\"https:\/\/www.vptzzofriesland.nl\/vptz\/index.php\/contact\/\"> hier voor de contactinformatie<\/a>.<br \/>\nZij is tevens het vaste aanspreekpunt voor de betrokkene, de familie, de vrijwilliger, de thuiszorg en de huisarts.<\/p>\n<\/div><div class=\"fusion-clearfix\"><\/div><\/div><\/div><div class=\"fusion-layout-column fusion_builder_column_inner fusion-builder-nested-column-2 fusion_builder_column_inner_1_4 1_4 fusion-one-fourth\" style=\"--awb-bg-size:cover;width:25%;width:calc(25% - ( ( 4% + 4% + 4% ) * 0.25 ) );margin-right: 4%;\"><div class=\"fusion-column-wrapper fusion-flex-column-wrapper-legacy\"><div class=\"fusion-text fusion-text-4\"><h3>Vrijwilligers<\/h3>\n<p>Ons team van vrijwilligers wordt met zorg samengesteld. Vanzelfsprekend treden zij, ieder op hun eigen manier, de betrokkene en de naasten liefdevol en respectvol tegemoet. Onze vrijwilligers worden regelmatig getraind en professioneel begeleid.<br \/>\nIn de thuissituatie worden vrijwilligers in overleg met de co\u00f6rdinator voor \u00e9\u00e9n of meerdere dagdelen per week ingezet.<\/p>\n<\/div><div class=\"fusion-clearfix\"><\/div><\/div><\/div><div class=\"fusion-layout-column fusion_builder_column_inner fusion-builder-nested-column-3 fusion_builder_column_inner_1_4 1_4 fusion-one-fourth fusion-column-last\" style=\"--awb-bg-size:cover;width:25%;width:calc(25% - ( ( 4% + 4% + 4% ) * 0.25 ) );\"><div class=\"fusion-column-wrapper fusion-flex-column-wrapper-legacy\"><div class=\"fusion-text fusion-text-5\"><h3>Nazorg<\/h3>\n<p>De ondersteuning aan de mantelzorgers beperkt zich niet tot de periode van ziekte en overlijden. Vanzelfsprekend is er ruimte voor nazorg en een zorgvuldige afronding van het contact met de familie.<\/p>\n<\/div><div class=\"fusion-clearfix\"><\/div><\/div><\/div><\/div><div class=\"fusion-clearfix\"><\/div><\/div><\/div><\/div><\/div>\n","protected":false},"excerpt":{"rendered":"","protected":false},"author":1,"featured_media":0,"parent":0,"menu_order":0,"comment_status":"closed","ping_status":"closed","template":"","meta":{"footnotes":""},"class_list":["post-4009","page","type-page","status-publish","hentry"],"yoast_head":"<!-- This site is optimized with the Yoast SEO plugin v27.0 - https:\/\/yoast.com\/product\/yoast-seo-wordpress\/ -->\n<title>Thuis - VPTZ- zofriesland | Palliatieve Terminale Zorg<\/title>\n<meta name=\"robots\" content=\"index, follow, max-snippet:-1, max-image-preview:large, max-video-preview:-1\" \/>\n<link rel=\"canonical\" href=\"https:\/\/www.vptzzofriesland.nl\/vptz\/index.php\/thuis-2\/\" \/>\n<meta property=\"og:locale\" content=\"nl_NL\" \/>\n<meta property=\"og:type\" content=\"article\" \/>\n<meta property=\"og:title\" content=\"Thuis - VPTZ- zofriesland | Palliatieve Terminale Zorg\" \/>\n<meta property=\"og:url\" content=\"https:\/\/www.vptzzofriesland.nl\/vptz\/index.php\/thuis-2\/\" \/>\n<meta property=\"og:site_name\" content=\"VPTZ- zofriesland | Palliatieve Terminale Zorg\" \/>\n<meta property=\"article:publisher\" content=\"https:\/\/www.facebook.com\/Thuis-en-in-het-hospice-Smelnehaven-277172672362998\/\" \/>\n<meta property=\"article:modified_time\" content=\"2023-11-05T20:04:04+00:00\" \/>\n<meta property=\"og:image\" content=\"http:\/\/www.vptzzofriesland.nl\/vptz\/wp-content\/uploads\/2013\/03\/DSC_0549a.jpg\" \/>\n<meta name=\"twitter:label1\" content=\"Geschatte leestijd\" \/>\n\t<meta name=\"twitter:data1\" content=\"4 minuten\" \/>\n<script type=\"application\/ld+json\" class=\"yoast-schema-graph\">{\"@context\":\"https:\/\/schema.org\",\"@graph\":[{\"@type\":\"WebPage\",\"@id\":\"https:\/\/www.vptzzofriesland.nl\/vptz\/index.php\/thuis-2\/\",\"url\":\"https:\/\/www.vptzzofriesland.nl\/vptz\/index.php\/thuis-2\/\",\"name\":\"Thuis - VPTZ- zofriesland | Palliatieve Terminale Zorg\",\"isPartOf\":{\"@id\":\"https:\/\/www.vptzzofriesland.nl\/vptz\/#website\"},\"primaryImageOfPage\":{\"@id\":\"https:\/\/www.vptzzofriesland.nl\/vptz\/index.php\/thuis-2\/#primaryimage\"},\"image\":{\"@id\":\"https:\/\/www.vptzzofriesland.nl\/vptz\/index.php\/thuis-2\/#primaryimage\"},\"thumbnailUrl\":\"http:\/\/www.vptzzofriesland.nl\/vptz\/wp-content\/uploads\/2013\/03\/DSC_0549a.jpg\",\"datePublished\":\"2017-11-17T22:04:54+00:00\",\"dateModified\":\"2023-11-05T20:04:04+00:00\",\"breadcrumb\":{\"@id\":\"https:\/\/www.vptzzofriesland.nl\/vptz\/index.php\/thuis-2\/#breadcrumb\"},\"inLanguage\":\"nl-NL\",\"potentialAction\":[{\"@type\":\"ReadAction\",\"target\":[\"https:\/\/www.vptzzofriesland.nl\/vptz\/index.php\/thuis-2\/\"]}]},{\"@type\":\"ImageObject\",\"inLanguage\":\"nl-NL\",\"@id\":\"https:\/\/www.vptzzofriesland.nl\/vptz\/index.php\/thuis-2\/#primaryimage\",\"url\":\"http:\/\/www.vptzzofriesland.nl\/vptz\/wp-content\/uploads\/2013\/03\/DSC_0549a.jpg\",\"contentUrl\":\"http:\/\/www.vptzzofriesland.nl\/vptz\/wp-content\/uploads\/2013\/03\/DSC_0549a.jpg\"},{\"@type\":\"BreadcrumbList\",\"@id\":\"https:\/\/www.vptzzofriesland.nl\/vptz\/index.php\/thuis-2\/#breadcrumb\",\"itemListElement\":[{\"@type\":\"ListItem\",\"position\":1,\"name\":\"Home\",\"item\":\"https:\/\/www.vptzzofriesland.nl\/vptz\/\"},{\"@type\":\"ListItem\",\"position\":2,\"name\":\"Thuis\"}]},{\"@type\":\"WebSite\",\"@id\":\"https:\/\/www.vptzzofriesland.nl\/vptz\/#website\",\"url\":\"https:\/\/www.vptzzofriesland.nl\/vptz\/\",\"name\":\"VPTZ- zofriesland | Palliatieve Terminale Zorg\",\"description\":\"Zorg in de laatste levensfase\",\"publisher\":{\"@id\":\"https:\/\/www.vptzzofriesland.nl\/vptz\/#organization\"},\"potentialAction\":[{\"@type\":\"SearchAction\",\"target\":{\"@type\":\"EntryPoint\",\"urlTemplate\":\"https:\/\/www.vptzzofriesland.nl\/vptz\/?s={search_term_string}\"},\"query-input\":{\"@type\":\"PropertyValueSpecification\",\"valueRequired\":true,\"valueName\":\"search_term_string\"}}],\"inLanguage\":\"nl-NL\"},{\"@type\":\"Organization\",\"@id\":\"https:\/\/www.vptzzofriesland.nl\/vptz\/#organization\",\"name\":\"VPTZ Zuidoost Friesland\",\"url\":\"https:\/\/www.vptzzofriesland.nl\/vptz\/\",\"logo\":{\"@type\":\"ImageObject\",\"inLanguage\":\"nl-NL\",\"@id\":\"https:\/\/www.vptzzofriesland.nl\/vptz\/#\/schema\/logo\/image\/\",\"url\":\"https:\/\/www.vptzzofriesland.nl\/vptz\/wp-content\/uploads\/2013\/03\/VPTZ-logo-ZO-Fr-500.jpg\",\"contentUrl\":\"https:\/\/www.vptzzofriesland.nl\/vptz\/wp-content\/uploads\/2013\/03\/VPTZ-logo-ZO-Fr-500.jpg\",\"width\":500,\"height\":192,\"caption\":\"VPTZ Zuidoost Friesland\"},\"image\":{\"@id\":\"https:\/\/www.vptzzofriesland.nl\/vptz\/#\/schema\/logo\/image\/\"},\"sameAs\":[\"https:\/\/www.facebook.com\/Thuis-en-in-het-hospice-Smelnehaven-277172672362998\/\"]}]}<\/script>\n<!-- \/ Yoast SEO plugin. -->","yoast_head_json":{"title":"Thuis - VPTZ- zofriesland | Palliatieve Terminale Zorg","robots":{"index":"index","follow":"follow","max-snippet":"max-snippet:-1","max-image-preview":"max-image-preview:large","max-video-preview":"max-video-preview:-1"},"canonical":"https:\/\/www.vptzzofriesland.nl\/vptz\/index.php\/thuis-2\/","og_locale":"nl_NL","og_type":"article","og_title":"Thuis - VPTZ- zofriesland | Palliatieve Terminale Zorg","og_url":"https:\/\/www.vptzzofriesland.nl\/vptz\/index.php\/thuis-2\/","og_site_name":"VPTZ- zofriesland | Palliatieve Terminale Zorg","article_publisher":"https:\/\/www.facebook.com\/Thuis-en-in-het-hospice-Smelnehaven-277172672362998\/","article_modified_time":"2023-11-05T20:04:04+00:00","og_image":[{"url":"http:\/\/www.vptzzofriesland.nl\/vptz\/wp-content\/uploads\/2013\/03\/DSC_0549a.jpg","type":"","width":"","height":""}],"twitter_misc":{"Geschatte leestijd":"4 minuten"},"schema":{"@context":"https:\/\/schema.org","@graph":[{"@type":"WebPage","@id":"https:\/\/www.vptzzofriesland.nl\/vptz\/index.php\/thuis-2\/","url":"https:\/\/www.vptzzofriesland.nl\/vptz\/index.php\/thuis-2\/","name":"Thuis - VPTZ- zofriesland | Palliatieve Terminale Zorg","isPartOf":{"@id":"https:\/\/www.vptzzofriesland.nl\/vptz\/#website"},"primaryImageOfPage":{"@id":"https:\/\/www.vptzzofriesland.nl\/vptz\/index.php\/thuis-2\/#primaryimage"},"image":{"@id":"https:\/\/www.vptzzofriesland.nl\/vptz\/index.php\/thuis-2\/#primaryimage"},"thumbnailUrl":"http:\/\/www.vptzzofriesland.nl\/vptz\/wp-content\/uploads\/2013\/03\/DSC_0549a.jpg","datePublished":"2017-11-17T22:04:54+00:00","dateModified":"2023-11-05T20:04:04+00:00","breadcrumb":{"@id":"https:\/\/www.vptzzofriesland.nl\/vptz\/index.php\/thuis-2\/#breadcrumb"},"inLanguage":"nl-NL","potentialAction":[{"@type":"ReadAction","target":["https:\/\/www.vptzzofriesland.nl\/vptz\/index.php\/thuis-2\/"]}]},{"@type":"ImageObject","inLanguage":"nl-NL","@id":"https:\/\/www.vptzzofriesland.nl\/vptz\/index.php\/thuis-2\/#primaryimage","url":"http:\/\/www.vptzzofriesland.nl\/vptz\/wp-content\/uploads\/2013\/03\/DSC_0549a.jpg","contentUrl":"http:\/\/www.vptzzofriesland.nl\/vptz\/wp-content\/uploads\/2013\/03\/DSC_0549a.jpg"},{"@type":"BreadcrumbList","@id":"https:\/\/www.vptzzofriesland.nl\/vptz\/index.php\/thuis-2\/#breadcrumb","itemListElement":[{"@type":"ListItem","position":1,"name":"Home","item":"https:\/\/www.vptzzofriesland.nl\/vptz\/"},{"@type":"ListItem","position":2,"name":"Thuis"}]},{"@type":"WebSite","@id":"https:\/\/www.vptzzofriesland.nl\/vptz\/#website","url":"https:\/\/www.vptzzofriesland.nl\/vptz\/","name":"VPTZ- zofriesland | Palliatieve Terminale Zorg","description":"Zorg in de laatste levensfase","publisher":{"@id":"https:\/\/www.vptzzofriesland.nl\/vptz\/#organization"},"potentialAction":[{"@type":"SearchAction","target":{"@type":"EntryPoint","urlTemplate":"https:\/\/www.vptzzofriesland.nl\/vptz\/?s={search_term_string}"},"query-input":{"@type":"PropertyValueSpecification","valueRequired":true,"valueName":"search_term_string"}}],"inLanguage":"nl-NL"},{"@type":"Organization","@id":"https:\/\/www.vptzzofriesland.nl\/vptz\/#organization","name":"VPTZ Zuidoost Friesland","url":"https:\/\/www.vptzzofriesland.nl\/vptz\/","logo":{"@type":"ImageObject","inLanguage":"nl-NL","@id":"https:\/\/www.vptzzofriesland.nl\/vptz\/#\/schema\/logo\/image\/","url":"https:\/\/www.vptzzofriesland.nl\/vptz\/wp-content\/uploads\/2013\/03\/VPTZ-logo-ZO-Fr-500.jpg","contentUrl":"https:\/\/www.vptzzofriesland.nl\/vptz\/wp-content\/uploads\/2013\/03\/VPTZ-logo-ZO-Fr-500.jpg","width":500,"height":192,"caption":"VPTZ Zuidoost Friesland"},"image":{"@id":"https:\/\/www.vptzzofriesland.nl\/vptz\/#\/schema\/logo\/image\/"},"sameAs":["https:\/\/www.facebook.com\/Thuis-en-in-het-hospice-Smelnehaven-277172672362998\/"]}]}},"_links":{"self":[{"href":"https:\/\/www.vptzzofriesland.nl\/vptz\/index.php\/wp-json\/wp\/v2\/pages\/4009","targetHints":{"allow":["GET"]}}],"collection":[{"href":"https:\/\/www.vptzzofriesland.nl\/vptz\/index.php\/wp-json\/wp\/v2\/pages"}],"about":[{"href":"https:\/\/www.vptzzofriesland.nl\/vptz\/index.php\/wp-json\/wp\/v2\/types\/page"}],"author":[{"embeddable":true,"href":"https:\/\/www.vptzzofriesland.nl\/vptz\/index.php\/wp-json\/wp\/v2\/users\/1"}],"replies":[{"embeddable":true,"href":"https:\/\/www.vptzzofriesland.nl\/vptz\/index.php\/wp-json\/wp\/v2\/comments?post=4009"}],"version-history":[{"count":8,"href":"https:\/\/www.vptzzofriesland.nl\/vptz\/index.php\/wp-json\/wp\/v2\/pages\/4009\/revisions"}],"predecessor-version":[{"id":5921,"href":"https:\/\/www.vptzzofriesland.nl\/vptz\/index.php\/wp-json\/wp\/v2\/pages\/4009\/revisions\/5921"}],"wp:attachment":[{"href":"https:\/\/www.vptzzofriesland.nl\/vptz\/index.php\/wp-json\/wp\/v2\/media?parent=4009"}],"curies":[{"name":"wp","href":"https:\/\/api.w.org\/{rel}","templated":true}]}}